{"id":4797,"date":"2025-04-11T10:58:07","date_gmt":"2025-04-11T15:58:07","guid":{"rendered":"https:\/\/www.flotalamacarena.com\/inicio\/?post_type=portfolio&#038;p=4797"},"modified":"2025-04-11T10:58:07","modified_gmt":"2025-04-11T15:58:07","slug":"auxiliar-de-ventas-para-terminal-de-villavicencio-2","status":"publish","type":"portfolio","link":"https:\/\/www.flotalamacarena.com\/inicio\/portfolio-item\/auxiliar-de-ventas-para-terminal-de-villavicencio-2\/","title":{"rendered":"AUXILIAR DE VENTAS PARA TERMINAL DE VILLAVICENCIO"},"content":{"rendered":"\n<p>Se requiere Auxiliar de Ventas para laborar en la Terminal de Villavicencio. Debe ser Bachiller, con experiencia laboral m\u00ednima de seis meses en ventas o servicio al cliente certificada por empresa formal, debe ser persona con buen manejo de sistemas, habilidades comerciales y carism\u00e1tico. Horario de Domingo a Domingo turnos rotativos de ocho horas con un d\u00eda compensatorio a la semana. Salario: b\u00e1sico, mas recargos, mas dominicales. Contrato directamente con la compa\u00f1\u00eda.<\/p>\n\n\n\n<h3 class=\"wp-block-heading\"><strong>Aplica en el siguiente formulario<\/strong><\/h3>\n\n\n\n\n<div class=\"wpcf7 no-js\" id=\"wpcf7-f3109-o1\" lang=\"en-US\" dir=\"ltr\" data-wpcf7-id=\"3109\">\n<div class=\"screen-reader-response\"><p role=\"status\" aria-live=\"polite\" aria-atomic=\"true\"><\/p> <ul><\/ul><\/div>\n<form action=\"\/inicio\/wp-json\/wp\/v2\/portfolio\/4797#wpcf7-f3109-o1\" method=\"post\" class=\"wpcf7-form init\" aria-label=\"Contact form\" enctype=\"multipart\/form-data\" novalidate=\"novalidate\" data-status=\"init\">\n<fieldset class=\"hidden-fields-container\"><input type=\"hidden\" name=\"_wpcf7\" value=\"3109\" \/><input type=\"hidden\" name=\"_wpcf7_version\" value=\"6.1.5\" \/><input type=\"hidden\" name=\"_wpcf7_locale\" value=\"en_US\" \/><input type=\"hidden\" name=\"_wpcf7_unit_tag\" value=\"wpcf7-f3109-o1\" \/><input type=\"hidden\" name=\"_wpcf7_container_post\" value=\"0\" \/><input type=\"hidden\" name=\"_wpcf7_posted_data_hash\" value=\"\" \/><input type=\"hidden\" name=\"_wpcf7_recaptcha_response\" value=\"\" \/>\n<\/fieldset>\n<p><label> Nombres y apellidos <span class=\"wpcf7-form-control-wrap\" data-name=\"your-name\"><input size=\"40\" maxlength=\"400\" class=\"wpcf7-form-control wpcf7-text wpcf7-validates-as-required\" aria-required=\"true\" aria-invalid=\"false\" value=\"\" type=\"text\" name=\"your-name\" \/><\/span> <\/label>\n<\/p>\n<p><label> Tu correo electr\u00f3nico<br \/>\n<span class=\"wpcf7-form-control-wrap\" data-name=\"your-email\"><input size=\"40\" maxlength=\"400\" class=\"wpcf7-form-control wpcf7-email wpcf7-validates-as-required wpcf7-text wpcf7-validates-as-email\" aria-required=\"true\" aria-invalid=\"false\" value=\"\" type=\"email\" name=\"your-email\" \/><\/span> <\/label>\n<\/p>\n<p><label> Tu tel\u00e9fono<br \/>\n<span class=\"wpcf7-form-control-wrap\" data-name=\"tel-822\"><input size=\"40\" maxlength=\"400\" class=\"wpcf7-form-control wpcf7-tel wpcf7-text wpcf7-validates-as-tel\" aria-invalid=\"false\" value=\"\" type=\"tel\" name=\"tel-822\" \/><\/span> <\/label>\n<\/p>\n<p><label> Lugar de residencia<br \/>\n<span class=\"wpcf7-form-control-wrap\" data-name=\"text-466\"><input size=\"40\" maxlength=\"400\" class=\"wpcf7-form-control wpcf7-text wpcf7-validates-as-required\" aria-required=\"true\" aria-invalid=\"false\" value=\"\" type=\"text\" name=\"text-466\" \/><\/span><\/label>\n<\/p>\n<p><label> Documento de identidad<br \/>\n<span class=\"wpcf7-form-control-wrap\" data-name=\"text-519\"><input size=\"40\" maxlength=\"400\" class=\"wpcf7-form-control wpcf7-text wpcf7-validates-as-required\" aria-required=\"true\" aria-invalid=\"false\" value=\"\" type=\"text\" name=\"text-519\" \/><\/span><\/label>\n<\/p>\n<p><label> T\u00edtulo Obtenido<br \/>\n<span class=\"wpcf7-form-control-wrap\" data-name=\"text-863\"><input size=\"40\" maxlength=\"400\" class=\"wpcf7-form-control wpcf7-text wpcf7-validates-as-required\" aria-required=\"true\" aria-invalid=\"false\" value=\"\" type=\"text\" name=\"text-863\" \/><\/span><\/label>\n<\/p>\n<p><label> Cargo a aspirar<br \/>\n<span class=\"wpcf7-form-control-wrap\" data-name=\"text-950\"><input size=\"40\" maxlength=\"400\" class=\"wpcf7-form-control wpcf7-text\" aria-invalid=\"false\" value=\"\" type=\"text\" name=\"text-950\" \/><\/span><\/label>\n<\/p>\n<p><label> Tiempo de experiencia<br \/>\n<span class=\"wpcf7-form-control-wrap\" data-name=\"text-625\"><input size=\"40\" maxlength=\"400\" class=\"wpcf7-form-control wpcf7-text wpcf7-validates-as-required\" aria-required=\"true\" aria-invalid=\"false\" value=\"\" type=\"text\" name=\"text-625\" \/><\/span><\/label>\n<\/p>\n<p><label> Nivel Acad\u00e9mico<br \/>\n<span class=\"wpcf7-form-control-wrap\" data-name=\"Nivel-academico\"><select class=\"wpcf7-form-control wpcf7-select\" aria-invalid=\"false\" name=\"Nivel-academico\"><option value=\"Bachiller\">Bachiller<\/option><option value=\"T\u00e9cnico - Tecn\u00f3logo\">T\u00e9cnico - Tecn\u00f3logo<\/option><option value=\"Pre Grado\">Pre Grado<\/option><option value=\"Post Grado\">Post Grado<\/option><\/select><\/span> <\/label>\n<\/p>\n<p><label> Adjuntar hoja de vida<br \/>\n<span class=\"wpcf7-form-control-wrap\" data-name=\"file-248\"><input size=\"40\" class=\"wpcf7-form-control wpcf7-file wpcf7-validates-as-required\" accept=\".pdf,.docx,.xlsx,.ppt\" aria-required=\"true\" aria-invalid=\"false\" type=\"file\" name=\"file-248\" \/><\/span><br \/>\nPeso m\u00e1ximo del archivo 2 Mb, en formato PDF o Word. <\/label>\n<\/p>\n<p><span class=\"wpcf7-form-control-wrap\" data-name=\"politica\"><span class=\"wpcf7-form-control wpcf7-acceptance\"><span class=\"wpcf7-list-item\"><label><input type=\"checkbox\" name=\"politica\" value=\"1\" aria-invalid=\"false\" \/><span class=\"wpcf7-list-item-label\">Acepto la Pol\u00edtica de Protecci\u00f3n de Datos.<a href=\"https:\/\/www.flotalamacarena.com\/politica-proteccion-de-datos\/\" target=\"_blank\"> Clic aqu\u00ed para leerla<\/a><\/span><\/label><\/span><\/span><\/span><br \/>\n<label> <span class=\"wpcf7-form-control-wrap\" data-name=\"checkbox-852\"><span class=\"wpcf7-form-control wpcf7-checkbox wpcf7-validates-as-required\"><span class=\"wpcf7-list-item first last\"><label><input type=\"checkbox\" name=\"checkbox-852[]\" value=\"Deseo el env\u00edo de informaci\u00f3n a mi correo electr\u00f3nico\" \/><span class=\"wpcf7-list-item-label\">Deseo el env\u00edo de informaci\u00f3n a mi correo electr\u00f3nico<\/span><\/label><\/span><\/span><\/span> <\/label>\n<\/p>\n<p><input class=\"wpcf7-form-control wpcf7-submit has-spinner\" type=\"submit\" value=\"Env\u00edar\" \/>\n<\/p><input type='hidden' class='wpcf7-pum' value='{\"closepopup\":false,\"closedelay\":0,\"openpopup\":false,\"openpopup_id\":0}' \/><div class=\"wpcf7-response-output\" aria-hidden=\"true\"><\/div>\n<\/form>\n<\/div>\n\n","protected":false},"excerpt":{"rendered":"<p>Debe ser Bachiller, con experiencia laboral m\u00ednima de seis meses en ventas o servicio al cliente certificada por empresa formal, debe ser persona con buen manejo de sistemas, habilidades comerciales y carism\u00e1tico. <\/p>\n","protected":false},"author":7,"featured_media":0,"menu_order":0,"comment_status":"closed","ping_status":"closed","template":"","meta":{"_acf_changed":false},"portfolio-types":[44,46],"class_list":["post-4797","portfolio","type-portfolio","status-publish","hentry","portfolio-types-oferta-laboral","portfolio-types-ventas"],"acf":[],"yoast_head":"<!-- This site is optimized with the Yoast SEO plugin v27.5 - https:\/\/yoast.com\/product\/yoast-seo-wordpress\/ -->\n<title>AUXILIAR DE VENTAS PARA TERMINAL DE VILLAVICENCIO - Flota La Macarena S.A<\/title>\n<meta name=\"robots\" content=\"index, follow, max-snippet:-1, max-image-preview:large, max-video-preview:-1\" \/>\n<link rel=\"canonical\" href=\"https:\/\/www.flotalamacarena.com\/inicio\/portfolio-item\/auxiliar-de-ventas-para-terminal-de-villavicencio-2\/\" \/>\n<meta property=\"og:locale\" content=\"es_ES\" \/>\n<meta property=\"og:type\" content=\"article\" \/>\n<meta property=\"og:title\" content=\"AUXILIAR DE VENTAS PARA TERMINAL DE VILLAVICENCIO - Flota La Macarena S.A\" \/>\n<meta property=\"og:description\" content=\"Debe ser Bachiller, con experiencia laboral m\u00ednima de seis meses en ventas o servicio al cliente certificada por empresa formal, debe ser persona con buen manejo de sistemas, habilidades comerciales y carism\u00e1tico.\" \/>\n<meta property=\"og:url\" content=\"https:\/\/www.flotalamacarena.com\/inicio\/portfolio-item\/auxiliar-de-ventas-para-terminal-de-villavicencio-2\/\" \/>\n<meta property=\"og:site_name\" content=\"Flota La Macarena S.A\" \/>\n<meta property=\"article:publisher\" content=\"https:\/\/www.facebook.com\/flota.lamacarenasa\/\" \/>\n<meta name=\"twitter:card\" content=\"summary_large_image\" \/>\n<meta name=\"twitter:site\" content=\"@FlotaLaMacarena\" \/>\n<meta name=\"twitter:label1\" content=\"Tiempo de lectura\" \/>\n\t<meta name=\"twitter:data1\" content=\"1 minuto\" \/>\n<script type=\"application\/ld+json\" class=\"yoast-schema-graph\">{\"@context\":\"https:\\\/\\\/schema.org\",\"@graph\":[{\"@type\":\"WebPage\",\"@id\":\"https:\\\/\\\/www.flotalamacarena.com\\\/inicio\\\/portfolio-item\\\/auxiliar-de-ventas-para-terminal-de-villavicencio-2\\\/\",\"url\":\"https:\\\/\\\/www.flotalamacarena.com\\\/inicio\\\/portfolio-item\\\/auxiliar-de-ventas-para-terminal-de-villavicencio-2\\\/\",\"name\":\"AUXILIAR DE VENTAS PARA TERMINAL DE VILLAVICENCIO - Flota La Macarena S.A\",\"isPartOf\":{\"@id\":\"https:\\\/\\\/www.flotalamacarena.com\\\/inicio\\\/#website\"},\"datePublished\":\"2025-04-11T15:58:07+00:00\",\"breadcrumb\":{\"@id\":\"https:\\\/\\\/www.flotalamacarena.com\\\/inicio\\\/portfolio-item\\\/auxiliar-de-ventas-para-terminal-de-villavicencio-2\\\/#breadcrumb\"},\"inLanguage\":\"es-CO\",\"potentialAction\":[{\"@type\":\"ReadAction\",\"target\":[\"https:\\\/\\\/www.flotalamacarena.com\\\/inicio\\\/portfolio-item\\\/auxiliar-de-ventas-para-terminal-de-villavicencio-2\\\/\"]}]},{\"@type\":\"BreadcrumbList\",\"@id\":\"https:\\\/\\\/www.flotalamacarena.com\\\/inicio\\\/portfolio-item\\\/auxiliar-de-ventas-para-terminal-de-villavicencio-2\\\/#breadcrumb\",\"itemListElement\":[{\"@type\":\"ListItem\",\"position\":1,\"name\":\"Inicio\",\"item\":\"https:\\\/\\\/www.flotalamacarena.com\\\/inicio\\\/\"},{\"@type\":\"ListItem\",\"position\":2,\"name\":\"AUXILIAR DE VENTAS PARA TERMINAL DE VILLAVICENCIO\"}]},{\"@type\":\"WebSite\",\"@id\":\"https:\\\/\\\/www.flotalamacarena.com\\\/inicio\\\/#website\",\"url\":\"https:\\\/\\\/www.flotalamacarena.com\\\/inicio\\\/\",\"name\":\"Flota La Macarena S.A\",\"description\":\"\",\"publisher\":{\"@id\":\"https:\\\/\\\/www.flotalamacarena.com\\\/inicio\\\/#organization\"},\"potentialAction\":[{\"@type\":\"SearchAction\",\"target\":{\"@type\":\"EntryPoint\",\"urlTemplate\":\"https:\\\/\\\/www.flotalamacarena.com\\\/inicio\\\/?s={search_term_string}\"},\"query-input\":{\"@type\":\"PropertyValueSpecification\",\"valueRequired\":true,\"valueName\":\"search_term_string\"}}],\"inLanguage\":\"es-CO\"},{\"@type\":\"Organization\",\"@id\":\"https:\\\/\\\/www.flotalamacarena.com\\\/inicio\\\/#organization\",\"name\":\"Flota La Macarena S.A\",\"url\":\"https:\\\/\\\/www.flotalamacarena.com\\\/inicio\\\/\",\"logo\":{\"@type\":\"ImageObject\",\"inLanguage\":\"es-CO\",\"@id\":\"https:\\\/\\\/www.flotalamacarena.com\\\/inicio\\\/#\\\/schema\\\/logo\\\/image\\\/\",\"url\":\"https:\\\/\\\/www.flotalamacarena.com\\\/wp-content\\\/uploads\\\/2024\\\/03\\\/LOGO_FLM.png\",\"contentUrl\":\"https:\\\/\\\/www.flotalamacarena.com\\\/wp-content\\\/uploads\\\/2024\\\/03\\\/LOGO_FLM.png\",\"width\":450,\"height\":167,\"caption\":\"Flota La Macarena S.A\"},\"image\":{\"@id\":\"https:\\\/\\\/www.flotalamacarena.com\\\/inicio\\\/#\\\/schema\\\/logo\\\/image\\\/\"},\"sameAs\":[\"https:\\\/\\\/www.facebook.com\\\/flota.lamacarenasa\\\/\",\"https:\\\/\\\/x.com\\\/FlotaLaMacarena\",\"https:\\\/\\\/www.youtube.com\\\/@flotalamacarena6335\",\"https:\\\/\\\/www.instagram.com\\\/flota_la_macarena\\\/\",\"https:\\\/\\\/www.linkedin.com\\\/company\\\/flota-la-macarena-s-a\\\/\"]}]}<\/script>\n<!-- \/ Yoast SEO plugin. -->","yoast_head_json":{"title":"AUXILIAR DE VENTAS PARA TERMINAL DE VILLAVICENCIO - Flota La Macarena S.A","robots":{"index":"index","follow":"follow","max-snippet":"max-snippet:-1","max-image-preview":"max-image-preview:large","max-video-preview":"max-video-preview:-1"},"canonical":"https:\/\/www.flotalamacarena.com\/inicio\/portfolio-item\/auxiliar-de-ventas-para-terminal-de-villavicencio-2\/","og_locale":"es_ES","og_type":"article","og_title":"AUXILIAR DE VENTAS PARA TERMINAL DE VILLAVICENCIO - Flota La Macarena S.A","og_description":"Debe ser Bachiller, con experiencia laboral m\u00ednima de seis meses en ventas o servicio al cliente certificada por empresa formal, debe ser persona con buen manejo de sistemas, habilidades comerciales y carism\u00e1tico.","og_url":"https:\/\/www.flotalamacarena.com\/inicio\/portfolio-item\/auxiliar-de-ventas-para-terminal-de-villavicencio-2\/","og_site_name":"Flota La Macarena S.A","article_publisher":"https:\/\/www.facebook.com\/flota.lamacarenasa\/","twitter_card":"summary_large_image","twitter_site":"@FlotaLaMacarena","twitter_misc":{"Tiempo de lectura":"1 minuto"},"schema":{"@context":"https:\/\/schema.org","@graph":[{"@type":"WebPage","@id":"https:\/\/www.flotalamacarena.com\/inicio\/portfolio-item\/auxiliar-de-ventas-para-terminal-de-villavicencio-2\/","url":"https:\/\/www.flotalamacarena.com\/inicio\/portfolio-item\/auxiliar-de-ventas-para-terminal-de-villavicencio-2\/","name":"AUXILIAR DE VENTAS PARA TERMINAL DE VILLAVICENCIO - Flota La Macarena S.A","isPartOf":{"@id":"https:\/\/www.flotalamacarena.com\/inicio\/#website"},"datePublished":"2025-04-11T15:58:07+00:00","breadcrumb":{"@id":"https:\/\/www.flotalamacarena.com\/inicio\/portfolio-item\/auxiliar-de-ventas-para-terminal-de-villavicencio-2\/#breadcrumb"},"inLanguage":"es-CO","potentialAction":[{"@type":"ReadAction","target":["https:\/\/www.flotalamacarena.com\/inicio\/portfolio-item\/auxiliar-de-ventas-para-terminal-de-villavicencio-2\/"]}]},{"@type":"BreadcrumbList","@id":"https:\/\/www.flotalamacarena.com\/inicio\/portfolio-item\/auxiliar-de-ventas-para-terminal-de-villavicencio-2\/#breadcrumb","itemListElement":[{"@type":"ListItem","position":1,"name":"Inicio","item":"https:\/\/www.flotalamacarena.com\/inicio\/"},{"@type":"ListItem","position":2,"name":"AUXILIAR DE VENTAS PARA TERMINAL DE VILLAVICENCIO"}]},{"@type":"WebSite","@id":"https:\/\/www.flotalamacarena.com\/inicio\/#website","url":"https:\/\/www.flotalamacarena.com\/inicio\/","name":"Flota La Macarena S.A","description":"","publisher":{"@id":"https:\/\/www.flotalamacarena.com\/inicio\/#organization"},"potentialAction":[{"@type":"SearchAction","target":{"@type":"EntryPoint","urlTemplate":"https:\/\/www.flotalamacarena.com\/inicio\/?s={search_term_string}"},"query-input":{"@type":"PropertyValueSpecification","valueRequired":true,"valueName":"search_term_string"}}],"inLanguage":"es-CO"},{"@type":"Organization","@id":"https:\/\/www.flotalamacarena.com\/inicio\/#organization","name":"Flota La Macarena S.A","url":"https:\/\/www.flotalamacarena.com\/inicio\/","logo":{"@type":"ImageObject","inLanguage":"es-CO","@id":"https:\/\/www.flotalamacarena.com\/inicio\/#\/schema\/logo\/image\/","url":"https:\/\/www.flotalamacarena.com\/wp-content\/uploads\/2024\/03\/LOGO_FLM.png","contentUrl":"https:\/\/www.flotalamacarena.com\/wp-content\/uploads\/2024\/03\/LOGO_FLM.png","width":450,"height":167,"caption":"Flota La Macarena S.A"},"image":{"@id":"https:\/\/www.flotalamacarena.com\/inicio\/#\/schema\/logo\/image\/"},"sameAs":["https:\/\/www.facebook.com\/flota.lamacarenasa\/","https:\/\/x.com\/FlotaLaMacarena","https:\/\/www.youtube.com\/@flotalamacarena6335","https:\/\/www.instagram.com\/flota_la_macarena\/","https:\/\/www.linkedin.com\/company\/flota-la-macarena-s-a\/"]}]}},"_links":{"self":[{"href":"https:\/\/www.flotalamacarena.com\/inicio\/wp-json\/wp\/v2\/portfolio\/4797","targetHints":{"allow":["GET"]}}],"collection":[{"href":"https:\/\/www.flotalamacarena.com\/inicio\/wp-json\/wp\/v2\/portfolio"}],"about":[{"href":"https:\/\/www.flotalamacarena.com\/inicio\/wp-json\/wp\/v2\/types\/portfolio"}],"author":[{"embeddable":true,"href":"https:\/\/www.flotalamacarena.com\/inicio\/wp-json\/wp\/v2\/users\/7"}],"replies":[{"embeddable":true,"href":"https:\/\/www.flotalamacarena.com\/inicio\/wp-json\/wp\/v2\/comments?post=4797"}],"wp:attachment":[{"href":"https:\/\/www.flotalamacarena.com\/inicio\/wp-json\/wp\/v2\/media?parent=4797"}],"wp:term":[{"taxonomy":"portfolio-types","embeddable":true,"href":"https:\/\/www.flotalamacarena.com\/inicio\/wp-json\/wp\/v2\/portfolio-types?post=4797"}],"curies":[{"name":"wp","href":"https:\/\/api.w.org\/{rel}","templated":true}]}}